{"id":6634,"date":"2023-08-31T18:15:57","date_gmt":"2023-08-31T16:15:57","guid":{"rendered":"https:\/\/www.pianetaterrafestival.it\/?page_id=6634"},"modified":"2023-09-11T12:54:08","modified_gmt":"2023-09-11T10:54:08","slug":"laboratori-23","status":"publish","type":"page","link":"https:\/\/www.pianetaterrafestival.it\/2023\/laboratori-23\/","title":{"rendered":"Laboratori"},"content":{"rendered":"\t\t<div data-elementor-type=\"wp-page\" data-elementor-id=\"6634\" class=\"elementor elementor-6634\">\n\t\t\t\t\t\t<section class=\"elementor-section elementor-top-section elementor-element elementor-element-75e3168 elementor-section-boxed elementor-section-height-default elementor-section-height-default\" data-id=\"75e3168\" data-element_type=\"section\" data-e-type=\"section\">\n\t\t\t\t\t\t<div class=\"elementor-container elementor-column-gap-default\">\n\t\t\t\t\t<div class=\"elementor-column elementor-col-100 elementor-top-column elementor-element elementor-element-8d22ede\" data-id=\"8d22ede\" data-element_type=\"column\" data-e-type=\"column\">\n\t\t\t<div class=\"elementor-widget-wrap elementor-element-populated\">\n\t\t\t\t\t\t<div class=\"elementor-element elementor-element-2e6e53f animated-slow elementor-invisible elementor-widget elementor-widget-text-editor\" data-id=\"2e6e53f\" data-element_type=\"widget\" data-e-type=\"widget\" data-settings=\"{&quot;_animation&quot;:&quot;fadeIn&quot;}\" data-widget_type=\"text-editor.default\">\n\t\t\t\t<div class=\"elementor-widget-container\">\n\t\t\t\t\t\t\t\t\t<h1>LABORATORI<\/h1>\t\t\t\t\t\t\t\t<\/div>\n\t\t\t\t<\/div>\n\t\t\t\t<div class=\"elementor-element elementor-element-754715f elementor-widget elementor-widget-text-editor\" data-id=\"754715f\" data-element_type=\"widget\" data-e-type=\"widget\" data-widget_type=\"text-editor.default\">\n\t\t\t\t<div class=\"elementor-widget-container\">\n\t\t\t\t\t\t\t\t\t<p>Organizzazione e Coordinamento dell\u2019<strong>Associazione Talea APS<\/strong> con la supervisione tecnico-scientifica dell\u2019<strong>Orto Botanico di Lucca<\/strong>\u00a0<span style=\"text-align: inherit;\"><span style=\"font-family: brandon_grotesquebold;\">e della<b> Biblioteca Civica Agor\u00e0<\/b><\/span><\/span><span style=\"text-indent: 0em; text-align: inherit;\">.<\/span><\/p><p>I laboratori si terranno presso l\u2019Orto Botanico di Lucca e la Biblioteca Civica Agor\u00e0.<\/p><p><strong>\u00c8 obbligatoria la prenotazione su <a href=\"https:\/\/www.eventbrite.com\/o\/pianeta-terra-festival-69224592723\">EVENTBRITE<\/a>.\u00a0<\/strong><span style=\"text-indent: 0em; text-align: inherit;\">Per info: <\/span><a style=\"text-indent: 0em; text-align: inherit;\" href=\"mailto:laboratori@pianetaterrafestival.it\">laboratori@pianetaterrafestival.it<\/a><\/p>\t\t\t\t\t\t\t\t<\/div>\n\t\t\t\t<\/div>\n\t\t\t\t<div class=\"elementor-element elementor-element-73086b3 animated-slow elementor-widget-divider--view-line elementor-invisible elementor-widget elementor-widget-divider\" data-id=\"73086b3\" data-element_type=\"widget\" data-e-type=\"widget\" data-settings=\"{&quot;_animation&quot;:&quot;slideInLeft&quot;}\" data-widget_type=\"divider.default\">\n\t\t\t\t<div class=\"elementor-widget-container\">\n\t\t\t\t\t\t\t<div class=\"elementor-divider\">\n\t\t\t<span class=\"elementor-divider-separator\">\n\t\t\t\t\t\t<\/span>\n\t\t<\/div>\n\t\t\t\t\t\t<\/div>\n\t\t\t\t<\/div>\n\t\t\t\t<div class=\"elementor-element elementor-element-e122bfa elementor-widget elementor-widget-text-editor\" data-id=\"e122bfa\" data-element_type=\"widget\" data-e-type=\"widget\" data-widget_type=\"text-editor.default\">\n\t\t\t\t<div class=\"elementor-widget-container\">\n\t\t\t\t\t\t\t\t\t<h4 style=\"font-style: normal; font-variant-ligatures: normal; font-variant-caps: normal; text-align: center;\">ORTO BOTANICO<\/h4><p>Tutti i laboratori che si terranno presso l\u2019Orto Botanico avranno una durata di un\u2019ora e mezza, comprensiva di trenta minuti di visita guidata all\u2019Orto a cura di <a href=\"https:\/\/www.adipa.it\/\"><strong>Associazione A.Di.P.A<\/strong>.<\/a><\/p>\t\t\t\t\t\t\t\t<\/div>\n\t\t\t\t<\/div>\n\t\t\t\t<div class=\"elementor-element elementor-element-eaef8a7 animated-slow elementor-widget-divider--view-line elementor-invisible elementor-widget elementor-widget-divider\" data-id=\"eaef8a7\" data-element_type=\"widget\" data-e-type=\"widget\" data-settings=\"{&quot;_animation&quot;:&quot;fadeIn&quot;}\" data-widget_type=\"divider.default\">\n\t\t\t\t<div class=\"elementor-widget-container\">\n\t\t\t\t\t\t\t<div class=\"elementor-divider\">\n\t\t\t<span class=\"elementor-divider-separator\">\n\t\t\t\t\t\t<\/span>\n\t\t<\/div>\n\t\t\t\t\t\t<\/div>\n\t\t\t\t<\/div>\n\t\t\t\t<div class=\"elementor-element elementor-element-ca7ff5a elementor-widget elementor-widget-text-editor\" data-id=\"ca7ff5a\" data-element_type=\"widget\" data-e-type=\"widget\" data-widget_type=\"text-editor.default\">\n\t\t\t\t<div class=\"elementor-widget-container\">\n\t\t\t\t\t\t\t\t\t<h5>LABORATORI OSSERVA E CREA<br \/>a cura di <a href=\"https:\/\/www.terraditutti.it\/\">Terra di Tutti<\/a><\/h5><p><a href=\"https:\/\/www.eventbrite.com\/o\/pianeta-terra-festival-69224592723\"><span style=\"text-decoration: underline;\">&gt;&gt;&gt; Prenotazione obbligatoria a questo link<\/span><\/a><\/p>\t\t\t\t\t\t\t\t<\/div>\n\t\t\t\t<\/div>\n\t\t\t\t<div class=\"elementor-element elementor-element-f122145 animated-slow elementor-invisible elementor-widget elementor-widget-text-editor\" data-id=\"f122145\" data-element_type=\"widget\" data-e-type=\"widget\" data-settings=\"{&quot;_animation&quot;:&quot;fadeIn&quot;}\" data-widget_type=\"text-editor.default\">\n\t\t\t\t<div class=\"elementor-widget-container\">\n\t\t\t\t\t\t\t\t\t<h5>1. Ritaglia i SEMI<\/h5><p>Osserviamo le forme dei semi per immaginare il potenziale che sta nel piccolo. Con una selezione di carte di recupero e tante forbici, realizzeremo un collage per rendere visibile l\u2019invisibile.<\/p><p>Il laboratorio, <span style=\"text-decoration: underline;\">consigliato ai ragazzi tra i 6 e i 12 anni<\/span>, si terr\u00e0:<\/p><ul><li>sabato 7 ottobre ore 11.30-13.00<\/li><li>domenica 8 ottobre ore 11.30-13.00<\/li><\/ul><p><a href=\"https:\/\/www.eventbrite.com\/o\/pianeta-terra-festival-69224592723\">&gt;&gt;&gt; Prenotazione qui<\/a><\/p><h5>2. Modella la FRUTTA<\/h5><p>Con l\u2019osservazione dal vero si possono cogliere linee e forme diverse da quel che solitamente si immagina. Ci ispireremo perci\u00f2 alla frutta, con le sue<em> texture<\/em> e i suoi volumi, per manipolare e scolpire in modo diverso dal solito un materiale antico come la Terra: l\u2019argilla.<\/p><p>Il laboratorio, <span style=\"text-decoration: underline;\">consigliato ai ragazzi tra i 6 e i 12 anni<\/span>, si terr\u00e0:<\/p><ul><li>sabato 7 ottobre ore 10.00-11.30<\/li><li>domenica 8 ottobre ore 10.00-11.30<\/li><\/ul><p><a href=\"https:\/\/www.eventbrite.com\/o\/pianeta-terra-festival-69224592723\">&gt;&gt;&gt; Prenotazione qui<\/a><\/p><h5>3. Disegna gli ALBERI<\/h5><p>Osservando degli alberi all\u2019interno dell\u2019Orto Botanico, disegneremo e dipingeremo utilizzando strumenti inconsueti: bastoncini e fili d\u2019erba saranno i nostri pennelli.<\/p><p>Il laboratorio, <span style=\"text-decoration: underline;\">consigliato ai ragazzi tra i 6 e i 12 anni<\/span>, si terr\u00e0:<\/p><ul><li>sabato 7 ottobre ore 16.30-18.00<\/li><li>domenica 8 ottobre ore 16.30-18.00<\/li><\/ul><p><a href=\"https:\/\/www.eventbrite.com\/o\/pianeta-terra-festival-69224592723\">&gt;&gt;&gt; Prenotazione qui<\/a><\/p><h5>4. VERDURE giganti!<\/h5><p>Esistono le verdure giganti? Ogni partecipante avr\u00e0 a disposizione un piccolo quaderno dove appuntare osservazioni, idee e disegni ispirati da questa visione inaspettata.<\/p><p>Il laboratorio, <span style=\"text-decoration: underline;\">consigliato ai ragazzi tra i 6 e i 12 anni<\/span>, si terr\u00e0:<\/p><ul><li>venerd\u00ec 6 ottobre ore 16.30-18.00<\/li><li>domenica 8 ottobre ore 15.00-16.30<\/li><\/ul><p><a href=\"https:\/\/www.eventbrite.com\/o\/pianeta-terra-festival-69224592723\">&gt;&gt;&gt; Prenotazione qui<\/a><\/p><h5>5. L\u2019ERA DEGLI SCARTI<\/h5><p><strong>a cura di <a href=\"https:\/\/www.instagram.com\/bi_done\/\">BI-done<\/a><\/strong><\/p><p>Su un tavolo ci sono materiali di diverso tipo: plastica, carta, legno e tessuto. I ragazzi sono invitati a riflettere sul tema dello spreco attraverso l\u2019analisi di ciascun materiale di scarto. A partire da questi materiali verranno create delle composizioni che trasformano lo scarto in risorsa.<\/p><p>Il laboratorio, <span style=\"text-decoration: underline;\">consigliato ai ragazzi tra i 12 e i 15 anni<\/span>, si terr\u00e0:<\/p><ul><li>venerd\u00ec 6 ottobre ore 15.00-16.30<\/li><li>sabato 7 ottobre ore 15.00-16.30<\/li><\/ul><p><a href=\"https:\/\/www.eventbrite.com\/o\/pianeta-terra-festival-69224592723\">&gt;&gt;&gt; Prenotazione qui<\/a><\/p>\t\t\t\t\t\t\t\t<\/div>\n\t\t\t\t<\/div>\n\t\t\t\t<div class=\"elementor-element elementor-element-8e76fad animated-slow elementor-widget-divider--view-line elementor-invisible elementor-widget elementor-widget-divider\" data-id=\"8e76fad\" data-element_type=\"widget\" data-e-type=\"widget\" data-settings=\"{&quot;_animation&quot;:&quot;fadeIn&quot;}\" data-widget_type=\"divider.default\">\n\t\t\t\t<div class=\"elementor-widget-container\">\n\t\t\t\t\t\t\t<div class=\"elementor-divider\">\n\t\t\t<span class=\"elementor-divider-separator\">\n\t\t\t\t\t\t<\/span>\n\t\t<\/div>\n\t\t\t\t\t\t<\/div>\n\t\t\t\t<\/div>\n\t\t\t\t<div class=\"elementor-element elementor-element-c1844d0 elementor-widget elementor-widget-text-editor\" data-id=\"c1844d0\" data-element_type=\"widget\" data-e-type=\"widget\" data-widget_type=\"text-editor.default\">\n\t\t\t\t<div class=\"elementor-widget-container\">\n\t\t\t\t\t\t\t\t\t<h5>LABORATORI BOTANICI<br \/>A cura di <a href=\"https:\/\/www.adipa.it\/\">A.Di.P.A.<\/a><\/h5><div><a style=\"font-style: normal; font-variant-ligatures: normal; font-variant-caps: normal; font-weight: 400; font-size: 16px; font-family: brandon_grotesqueregular; outline: 0px;\" href=\"https:\/\/www.eventbrite.com\/o\/pianeta-terra-festival-69224592723\">&gt;&gt;&gt; Prenotazione obbligatoria a questo link<\/a><\/div>\t\t\t\t\t\t\t\t<\/div>\n\t\t\t\t<\/div>\n\t\t\t\t<div class=\"elementor-element elementor-element-ab44ab3 animated-slow elementor-invisible elementor-widget elementor-widget-text-editor\" data-id=\"ab44ab3\" data-element_type=\"widget\" data-e-type=\"widget\" data-settings=\"{&quot;_animation&quot;:&quot;fadeIn&quot;}\" data-widget_type=\"text-editor.default\">\n\t\t\t\t<div class=\"elementor-widget-container\">\n\t\t\t\t\t\t\t\t\t<h5>1. Il gusto della scoperta!<\/h5><p>In ogni libro di cucina, in ogni pietanza, ci sono ingredienti che appaiono familiari. Scopriremo che molte piante, tuberi, spezie vengono da luoghi lontani e hanno fatto un lungo viaggio prima di arrivare nei nostri piatti&#8230;<br \/>Concluderemo l\u2019attivit\u00e0 con una visita guidata alle specie di cui si \u00e8 parlato, ospitate nell\u2019Orto Botanico.<\/p><p>Il laboratorio, <span style=\"text-decoration: underline;\">consigliato ai bambini tra i 7 e i 13 anni<\/span>, si terr\u00e0:<\/p><ul><li>venerd\u00ec 6 ottobre ore 15.00-16.30<\/li><li>sabato 7 ottobre ore 16.30-18.00<\/li><li>domenica 8 ottobre ore 11.30-13.00<\/li><\/ul><p><a href=\"https:\/\/www.eventbrite.com\/o\/pianeta-terra-festival-69224592723\">&gt;&gt;&gt; Prenotazione qui<\/a><\/p><h5>2. Piante geniali!<\/h5><p>Le piante hanno sviluppato sofisticate strategie per sopravvivere e diffondersi, dalla colonizzazione di luoghi inospitali a inaspettati meccanismi di difesa&#8230;<br \/>I partecipanti, grazie ad attivit\u00e0 pratiche, potranno scoprire e approfondire la genialit\u00e0 nel mondo vegetale. Al termine del laboratorio si terr\u00e0 una breve visita dedicata alle collezioni dell\u2019Orto Botanico che ospitano le piante \u201cgeniali\u201d.<\/p><p>Il laboratorio, <span style=\"text-decoration: underline;\">consigliato ai bambini tra i 7 e gli 11 anni<\/span>, si terr\u00e0:<\/p><ul><li>sabato 7 ottobre ore 11.30-13.00<\/li><li>domenica 8 ottobre ore 15.00-16.30<\/li><\/ul><p><a href=\"https:\/\/www.eventbrite.com\/o\/pianeta-terra-festival-69224592723\">&gt;&gt;&gt; Prenotazione qui<\/a><\/p><h5>3. La valigia delle piante: in viaggio con semi e frutti<\/h5><p>Come fanno le piante a viaggiare e diffondersi? In questo laboratorio scopriremo i loro trucchi e le loro strategie di dispersione&#8230; e come possiamo aiutarle a spostarsi in un mondo sempre pi\u00f9 urbanizzato.<br \/>Prima del laboratorio i partecipanti potranno prendere parte a una breve visita all\u2019Orto, dedicata alla raccolta di frutti e semi caratteristici del periodo autunnale.<\/p><p>Il laboratorio, <span style=\"text-decoration: underline;\">consigliato ai bambini tra i 7 e gli 11 anni<\/span>, si terr\u00e0:<\/p><ul><li>sabato 7 ottobre ore 15.00-16.30<\/li><li>domenica 8 ottobre ore 10.00-11.30<\/li><\/ul><p><a href=\"https:\/\/www.eventbrite.com\/o\/pianeta-terra-festival-69224592723\">&gt;&gt;&gt; Prenotazione qui<\/a><\/p><h5>4. Plant Quiz: mettiamoci alla prova con il mondo vegetale<\/h5><p>Dopo una visita all\u2019Orto Botanico e alle sue pi\u00f9 significative collezioni, i ragazzi saranno protagonisti di una sfida a colpi di quiz e giochi interattivi dedicati al mondo delle piante!<\/p><p>Il laboratorio, <span style=\"text-decoration: underline;\">consigliato ai bambini tra i 7 e i 13 anni<\/span>, si svolger\u00e0 nei seguenti giorni:<\/p><ul><li>venerd\u00ec 6 ottobre ore 16.30-18.00<\/li><li>sabato 7 ottobre ore 10.00-11.30\u00a0<\/li><li>domenica 8 ottobre ore 16.30-18.00<\/li><\/ul><p><a href=\"https:\/\/www.eventbrite.com\/o\/pianeta-terra-festival-69224592723\">&gt;&gt;&gt; Prenotazione qui<\/a><\/p>\t\t\t\t\t\t\t\t<\/div>\n\t\t\t\t<\/div>\n\t\t\t\t<div class=\"elementor-element elementor-element-5f09295 animated-slow elementor-widget-divider--view-line elementor-invisible elementor-widget elementor-widget-divider\" data-id=\"5f09295\" data-element_type=\"widget\" data-e-type=\"widget\" data-settings=\"{&quot;_animation&quot;:&quot;slideInLeft&quot;}\" data-widget_type=\"divider.default\">\n\t\t\t\t<div class=\"elementor-widget-container\">\n\t\t\t\t\t\t\t<div class=\"elementor-divider\">\n\t\t\t<span class=\"elementor-divider-separator\">\n\t\t\t\t\t\t<\/span>\n\t\t<\/div>\n\t\t\t\t\t\t<\/div>\n\t\t\t\t<\/div>\n\t\t\t\t<div class=\"elementor-element elementor-element-ab07a2a elementor-widget elementor-widget-text-editor\" data-id=\"ab07a2a\" data-element_type=\"widget\" data-e-type=\"widget\" data-widget_type=\"text-editor.default\">\n\t\t\t\t<div class=\"elementor-widget-container\">\n\t\t\t\t\t\t\t\t\t<h4 style=\"text-align: center;\">BIBLIOTECA AGOR\u00c0<span style=\"font-family: 'Noto Sans'; font-size: 1.52em; font-style: normal; font-variant-ligatures: normal; font-variant-caps: normal; font-weight: bold;\">&nbsp;<\/span><\/h4>\n<p><span style=\"text-indent: 0em; text-align: inherit;\">All\u2019interno del chiostro della Biblioteca, dal 5 all\u20198 ottobre, si terranno due mostre adatte a un pubblico di tutte le et\u00e0.<\/span><\/p>\t\t\t\t\t\t\t\t<\/div>\n\t\t\t\t<\/div>\n\t\t\t\t<div class=\"elementor-element elementor-element-1703062 animated-slow elementor-widget-divider--view-line elementor-invisible elementor-widget elementor-widget-divider\" data-id=\"1703062\" data-element_type=\"widget\" data-e-type=\"widget\" data-settings=\"{&quot;_animation&quot;:&quot;fadeIn&quot;}\" data-widget_type=\"divider.default\">\n\t\t\t\t<div class=\"elementor-widget-container\">\n\t\t\t\t\t\t\t<div class=\"elementor-divider\">\n\t\t\t<span class=\"elementor-divider-separator\">\n\t\t\t\t\t\t<\/span>\n\t\t<\/div>\n\t\t\t\t\t\t<\/div>\n\t\t\t\t<\/div>\n\t\t\t\t<div class=\"elementor-element elementor-element-7f3a669 animated-slow elementor-invisible elementor-widget elementor-widget-text-editor\" data-id=\"7f3a669\" data-element_type=\"widget\" data-e-type=\"widget\" data-settings=\"{&quot;_animation&quot;:&quot;fadeIn&quot;}\" data-widget_type=\"text-editor.default\">\n\t\t\t\t<div class=\"elementor-widget-container\">\n\t\t\t\t\t\t\t\t\t<h5>LE MOSTRE<\/h5><h5>1. Mostra \u201cImmagina una pianta del mondo\u201d<\/h5><p><strong>a cura di<a href=\"https:\/\/immaginafestival.it\/associazione\/\"> Immagina ODV<\/a><\/strong><br \/>Attraverso una ricca selezione di libri illustrati, ci avventureremo in un viaggio visivo e letterario che ci permetter\u00e0 di esplorare l\u2019interconnessione tra gli esseri viventi e l\u2019ambiente che condividiamo. Ispirata al libro di Stefano Mancuso <em>La pianta del mondo<\/em>, l\u2019esposizione sar\u00e0 un\u2019occasione unica per immergersi nella meraviglia della natura e delle sue storie.<\/p><h5>2. Mostra \u201cEstintopedia\u201d<\/h5><p><strong>a cura di <a href=\"https:\/\/www.camelozampa.com\/\">Camelozampa<\/a><\/strong><\/p><p>Anche l\u2019animale pi\u00f9 sconosciuto rende pi\u00f9 ricco e bello il nostro Pianeta. L\u2019esistenza di ognuno ha un perch\u00e9, e se lo perdiamo sar\u00e0 per sempre. Dalle storie dei pi\u00f9 celebri ultimi esemplari, come la colomba Martha o George, la lumaca pi\u00f9 sola del mondo, agli estinti pi\u00f9 o meno noti, come il dodo, fino ai \u201critrovati\u201d, come il rospo arlecchino della notte stellata, indaghiamo le cause dell\u2019estinzione e scopriamo la meravigliosa diversit\u00e0 degli animali che ancora possiamo salvare. Una mostra fatta di magnifiche tavole illustrate a mano e parole tratte dall\u2019albo <i>Estintopedia<\/i>.<\/p>\t\t\t\t\t\t\t\t<\/div>\n\t\t\t\t<\/div>\n\t\t\t\t<div class=\"elementor-element elementor-element-3c1d1d8 animated-slow elementor-widget-divider--view-line elementor-invisible elementor-widget elementor-widget-divider\" data-id=\"3c1d1d8\" data-element_type=\"widget\" data-e-type=\"widget\" data-settings=\"{&quot;_animation&quot;:&quot;fadeIn&quot;}\" data-widget_type=\"divider.default\">\n\t\t\t\t<div class=\"elementor-widget-container\">\n\t\t\t\t\t\t\t<div class=\"elementor-divider\">\n\t\t\t<span class=\"elementor-divider-separator\">\n\t\t\t\t\t\t<\/span>\n\t\t<\/div>\n\t\t\t\t\t\t<\/div>\n\t\t\t\t<\/div>\n\t\t\t\t<div class=\"elementor-element elementor-element-f0b80ab animated-slow elementor-invisible elementor-widget elementor-widget-text-editor\" data-id=\"f0b80ab\" data-element_type=\"widget\" data-e-type=\"widget\" data-settings=\"{&quot;_animation&quot;:&quot;fadeIn&quot;}\" data-widget_type=\"text-editor.default\">\n\t\t\t\t<div class=\"elementor-widget-container\">\n\t\t\t\t\t\t\t\t\t<h5><span style=\"font-size: 1.25em; font-weight: bold; text-align: inherit;\">I LABORATORI<\/span><\/h5><div><a style=\"font-style: normal; font-variant-ligatures: normal; font-variant-caps: normal; font-weight: 400; font-size: 16px; font-family: brandon_grotesqueregular; outline: 0px;\" href=\"https:\/\/www.eventbrite.com\/o\/pianeta-terra-festival-69224592723\">&gt;&gt;&gt; Prenotazione obbligatoria a questo link<\/a><\/div><h5>1. Laboratorio di lettura: piccoli incontri con la natura<\/h5><p><strong>a cura di <a href=\"https:\/\/bibliotecaagora.it\/\">Biblioteca Civica Agor\u00e0<\/a>, Servizi educativi prima infanzia \u2013 Comune di Lucca e <a href=\"https:\/\/www.natiperleggere.it\/\">Nati per leggere<\/a><\/strong><\/p><p>Nella prima parte dell\u2019incontro i volontari di Nati per leggere terranno delle letture animate di albi illustrati sui temi della salvaguardia ambientale. A seguire, un laboratorio interattivo con materiali naturali, a cura delle educatrici dei Servizi educativi prima infanzia.<\/p><p>Il laboratorio sar\u00e0 ripetuto per le seguenti fasce d\u2019et\u00e0:<\/p><ul><li><span style=\"text-decoration: underline;\">0-3 anni<\/span>: venerd\u00ec 6 ottobre ore 16.00-18.00<\/li><li><span style=\"text-decoration: underline;\">3-6 anni<\/span>: sabato 7 ottobre ore 10.00-12.00<\/li><\/ul><p><a href=\"https:\/\/www.eventbrite.com\/o\/pianeta-terra-festival-69224592723\">&gt;&gt;&gt; Prenotazione qui<\/a><\/p><h5>2. Salviamoli! Alla ricerca degli animali scomparsi<\/h5><p><strong>a cura di <a href=\"https:\/\/www.camelozampa.com\/\">Camelozampa<\/a><\/strong><\/p><p>Serenella Quarello, autrice dell\u2019albo <em>Estintopedia<\/em>, racconter\u00e0 i casi pi\u00f9 emblematici di estinzione, gli animali oggi a rischio, cosa possiamo fare per tutelarli e cos\u2019\u00e8 la de-estinzione. Tra reperti in bustina, microscopi e puzzle, i bambini verranno coinvolti in giochi interattivi e di ruolo sul tema della salvaguardia degli animali.<\/p><p>Il laboratorio sar\u00e0 ripetuto per le seguenti fasce d\u2019et\u00e0:<\/p><ul><li><span style=\"text-decoration: underline;\">8-11 anni<\/span>: sabato 7 ottobre ore 16.30-18.00\u00a0<\/li><li><span style=\"text-decoration: underline;\">5-8 anni<\/span>: domenica 8 ottobre ore 10.00-11.30<\/li><\/ul><p><a href=\"https:\/\/www.eventbrite.com\/o\/pianeta-terra-festival-69224592723\">&gt;&gt;&gt; Prenotazione qui<\/a><\/p><h5>3. Laboratorio di danza \u201cTra di noi\u201d<\/h5><p><strong>a cura di <a href=\"http:\/\/www.lucisumarte.com\/\">Luci su Marte<\/a><\/strong><\/p><p>In quanti modi il nostro corpo pu\u00f2 dialogare con l\u2019ambiente che ci circonda? Esploreremo attraverso il movimento e la danza la possibilit\u00e0 di comunicare senza parole la relazione con l\u2019altro e con la natura che ci circonda.<\/p><p>Il laboratorio, <span style=\"text-decoration: underline;\">consigliato ai bambini tra i 6 e i 10 anni<\/span>, si svolger\u00e0 nei seguenti giorni:<\/p><ul><li>sabato 7 ottobre ore 15.00-16.30<\/li><li>domenica 8 ottobre ore 11.30-13.00<\/li><\/ul><p><a href=\"https:\/\/www.eventbrite.com\/o\/pianeta-terra-festival-69224592723\">&gt;&gt;&gt; Prenotazione qui<\/a><\/p><h5>4. Le citt\u00e0 infinite<\/h5><p><strong>a cura di <a href=\"https:\/\/www.instagram.com\/bi_done\/\">BI-done<\/a><\/strong><\/p><p>Seduti per terra su comodi tappeti, i bambini utilizzeranno gli scarti di legno di diverse forme e colori per costruire e sperimentare esercizi di fisica e architettura. Le libere opere daranno vita a infinite interpretazioni che potranno essere collegate tra loro in un\u2019unica creazione collettiva o rimanere singole composizioni isolate.<\/p><p>Il laboratorio, <span style=\"text-decoration: underline;\">consigliato ai bambini tra i 3 e i 6 anni<\/span>, si svolger\u00e0 nei seguenti giorni:<\/p><ul><li>venerd\u00ec 6 ottobre ore 16.30-18.00<\/li><li>sabato 7 ottobre ore 11.30-13.00<\/li><\/ul><p><a href=\"https:\/\/www.eventbrite.com\/o\/pianeta-terra-festival-69224592723\">&gt;&gt;&gt; Prenotazione qui<\/a><\/p><h5>5. Laboratorio di stampa dei fiori<\/h5><p><strong>a cura di <a href=\"https:\/\/www.terraditutti.it\/\">Terra di Tutti<\/a><\/strong><\/p><p>Con la tecnica del mono-print stamperemo fiori raccolti, composti su carte di riuso. Rullo, colore e mattarello saranno gli strumenti per imprimere la natura scoprendone i suoi dettagli nascosti.<\/p><p>Il laboratorio, <span style=\"text-decoration: underline;\">consigliato ai bambini tra i 6 e i 12 anni<\/span>, si svolger\u00e0 nei seguenti giorni:<\/p><ul><li>sabato 7 ottobre ore 16.30-18.00<\/li><li>domenica 8 ottobre ore 16.30-18.00<\/li><\/ul><p><a href=\"https:\/\/www.eventbrite.com\/o\/pianeta-terra-festival-69224592723\">&gt;&gt;&gt; Prenotazione qui<\/a><\/p><h5>6. Natura, dove sei?<\/h5><p><strong>a cura di <a href=\"https:\/\/immaginafestival.it\/associazione\/\">Immagina ODV<\/a><\/strong><\/p><p>Oltre alle piante che possiamo trovare sui balconi dei palazzi e nelle aiuole delle piazze, ce ne sono tantissime altre che nascono spontaneamente attorno a noi, tra il cemento, sui muri e dove mai potremmo immaginare. Partendo dalla lettura dell\u2019albo <em>L\u2019albero azzurro<\/em> (Kite edizioni), cercheremo di capire in che modo la natura attraversa tutta la nostra quotidianit\u00e0.<\/p><p>Il laboratorio, <span style=\"text-decoration: underline;\">consigliato ai bambini tra i 5 e i 12 anni<\/span>, si terr\u00e0:<\/p><ul><li>venerd\u00ec 6 ottobre ore 15.00-16.30<\/li><\/ul><p><a href=\"https:\/\/www.eventbrite.com\/o\/pianeta-terra-festival-69224592723\">&gt;&gt;&gt; Prenotazione qui<\/a><\/p><h5>7. Disegniamo gli alberi<\/h5><p><strong>a cura di <a href=\"https:\/\/immaginafestival.it\/associazione\/\">Immagina ODV<\/a><\/strong><\/p><p>Partendo dalla lettura dell\u2019albo <em>Arboretum<\/em> (Rizzoli), osserveremo le meravigliose illustrazioni di Katie Scott e proveremo a essere anche noi degli illustratori botanici. Poi, con pennelli e tempere e guidati dal libro di Bruno Munari <em>Disegnare un albero<\/em>, sperimenteremo in quanti modi inaspettati e buffi sia possibile farlo.<\/p><p>Il laboratorio, <span style=\"text-decoration: underline;\">consigliato ai bambini tra i 5 e i 12 anni<\/span>, si terr\u00e0:<\/p><ul><li>sabato 7 ottobre ore 10.00-11.30<\/li><\/ul><p><a href=\"https:\/\/www.eventbrite.com\/o\/pianeta-terra-festival-69224592723\">&gt;&gt;&gt; Prenotazione qui<\/a><\/p><h5>8. Insetti, che paura!<\/h5><p><strong>a cura di<a href=\"https:\/\/immaginafestival.it\/associazione\/\"> Immagina ODV<\/a><\/strong><\/p><p>Partendo dalla lettura dell\u2019albo <em>Una notte all\u2019Insect Hotel<\/em> (Terre di mezzo), esploreremo lo sconfinato e misterioso mondo degli insetti&#8230; scopriremo che pur essendo minuscoli vivono ovunque intorno a noi!<\/p><p>Il laboratorio, <span style=\"text-decoration: underline;\">consigliato ai bambini tra i 5 e i 12 anni<\/span>, si terr\u00e0:<\/p><ul><li>domenica 8 ottobre ore 15.00-16.30<\/li><\/ul><p><a href=\"https:\/\/www.eventbrite.com\/o\/pianeta-terra-festival-69224592723\">&gt;&gt;&gt; Prenotazione qui<\/a><\/p>\t\t\t\t\t\t\t\t<\/div>\n\t\t\t\t<\/div>\n\t\t\t\t\t<\/div>\n\t\t<\/div>\n\t\t\t\t\t<\/div>\n\t\t<\/section>\n\t\t\t\t<\/div>\n\t\t","protected":false},"excerpt":{"rendered":"<p>LABORATORI Organizzazione e Coordinamento dell\u2019Associazione Talea APS con la supervisione tecnico-scientifica dell\u2019Orto Botanico di Lucca\u00a0e della Biblioteca Civica Agor\u00e0. I laboratori si terranno presso l\u2019Orto &hellip;<\/p>\n","protected":false},"author":4,"featured_media":0,"parent":0,"menu_order":0,"comment_status":"closed","ping_status":"closed","template":"","meta":{"_acf_changed":false,"footnotes":""},"class_list":["post-6634","page","type-page","status-publish","hentry"],"acf":[],"yoast_head":"<!-- This site is optimized with the Yoast SEO plugin v27.0 - https:\/\/yoast.com\/product\/yoast-seo-wordpress\/ -->\n<title>Laboratori - Pianeta Terra Festival 2023<\/title>\n<meta name=\"robots\" content=\"index, follow, max-snippet:-1, max-image-preview:large, max-video-preview:-1\" \/>\n<link rel=\"canonical\" href=\"https:\/\/www.pianetaterrafestival.it\/2023\/laboratori-23\/\" \/>\n<meta property=\"og:locale\" content=\"it_IT\" \/>\n<meta property=\"og:type\" content=\"article\" \/>\n<meta property=\"og:title\" content=\"Laboratori - Pianeta Terra Festival 2023\" \/>\n<meta property=\"og:description\" content=\"LABORATORI Organizzazione e Coordinamento dell\u2019Associazione Talea APS con la supervisione tecnico-scientifica dell\u2019Orto Botanico di Lucca\u00a0e della Biblioteca Civica Agor\u00e0. I laboratori si terranno presso l\u2019Orto &hellip;\" \/>\n<meta property=\"og:url\" content=\"https:\/\/www.pianetaterrafestival.it\/2023\/laboratori-23\/\" \/>\n<meta property=\"og:site_name\" content=\"Pianeta Terra Festival 2023\" \/>\n<meta property=\"article:modified_time\" content=\"2023-09-11T10:54:08+00:00\" \/>\n<meta name=\"twitter:card\" content=\"summary_large_image\" \/>\n<meta name=\"twitter:label1\" content=\"Tempo di lettura stimato\" \/>\n\t<meta name=\"twitter:data1\" content=\"9 minuti\" \/>\n<script type=\"application\/ld+json\" class=\"yoast-schema-graph\">{\"@context\":\"https:\/\/schema.org\",\"@graph\":[{\"@type\":\"WebPage\",\"@id\":\"https:\/\/www.pianetaterrafestival.it\/2023\/laboratori-23\/\",\"url\":\"https:\/\/www.pianetaterrafestival.it\/2023\/laboratori-23\/\",\"name\":\"Laboratori - Pianeta Terra Festival 2023\",\"isPartOf\":{\"@id\":\"https:\/\/www.pianetaterrafestival.it\/2023\/#website\"},\"datePublished\":\"2023-08-31T16:15:57+00:00\",\"dateModified\":\"2023-09-11T10:54:08+00:00\",\"breadcrumb\":{\"@id\":\"https:\/\/www.pianetaterrafestival.it\/2023\/laboratori-23\/#breadcrumb\"},\"inLanguage\":\"it-IT\",\"potentialAction\":[{\"@type\":\"ReadAction\",\"target\":[\"https:\/\/www.pianetaterrafestival.it\/2023\/laboratori-23\/\"]}]},{\"@type\":\"BreadcrumbList\",\"@id\":\"https:\/\/www.pianetaterrafestival.it\/2023\/laboratori-23\/#breadcrumb\",\"itemListElement\":[{\"@type\":\"ListItem\",\"position\":1,\"name\":\"Home\",\"item\":\"https:\/\/www.pianetaterrafestival.it\/2023\/\"},{\"@type\":\"ListItem\",\"position\":2,\"name\":\"Laboratori\"}]},{\"@type\":\"WebSite\",\"@id\":\"https:\/\/www.pianetaterrafestival.it\/2023\/#website\",\"url\":\"https:\/\/www.pianetaterrafestival.it\/2023\/\",\"name\":\"Pianeta Terra Festival 2023\",\"description\":\"Edizione 2023\",\"publisher\":{\"@id\":\"https:\/\/www.pianetaterrafestival.it\/2023\/#organization\"},\"potentialAction\":[{\"@type\":\"SearchAction\",\"target\":{\"@type\":\"EntryPoint\",\"urlTemplate\":\"https:\/\/www.pianetaterrafestival.it\/2023\/?s={search_term_string}\"},\"query-input\":{\"@type\":\"PropertyValueSpecification\",\"valueRequired\":true,\"valueName\":\"search_term_string\"}}],\"inLanguage\":\"it-IT\"},{\"@type\":\"Organization\",\"@id\":\"https:\/\/www.pianetaterrafestival.it\/2023\/#organization\",\"name\":\"Pianeta Terra Festival 2023\",\"url\":\"https:\/\/www.pianetaterrafestival.it\/2023\/\",\"logo\":{\"@type\":\"ImageObject\",\"inLanguage\":\"it-IT\",\"@id\":\"https:\/\/www.pianetaterrafestival.it\/2023\/#\/schema\/logo\/image\/\",\"url\":\"https:\/\/www.pianetaterrafestival.it\/2023\/wp-content\/uploads\/sites\/2\/2022\/07\/cropped-cropped-logo.png\",\"contentUrl\":\"https:\/\/www.pianetaterrafestival.it\/2023\/wp-content\/uploads\/sites\/2\/2022\/07\/cropped-cropped-logo.png\",\"width\":1907,\"height\":1867,\"caption\":\"Pianeta Terra Festival 2023\"},\"image\":{\"@id\":\"https:\/\/www.pianetaterrafestival.it\/2023\/#\/schema\/logo\/image\/\"}}]}<\/script>\n<!-- \/ Yoast SEO plugin. -->","yoast_head_json":{"title":"Laboratori - Pianeta Terra Festival 2023","robots":{"index":"index","follow":"follow","max-snippet":"max-snippet:-1","max-image-preview":"max-image-preview:large","max-video-preview":"max-video-preview:-1"},"canonical":"https:\/\/www.pianetaterrafestival.it\/2023\/laboratori-23\/","og_locale":"it_IT","og_type":"article","og_title":"Laboratori - Pianeta Terra Festival 2023","og_description":"LABORATORI Organizzazione e Coordinamento dell\u2019Associazione Talea APS con la supervisione tecnico-scientifica dell\u2019Orto Botanico di Lucca\u00a0e della Biblioteca Civica Agor\u00e0. I laboratori si terranno presso l\u2019Orto &hellip;","og_url":"https:\/\/www.pianetaterrafestival.it\/2023\/laboratori-23\/","og_site_name":"Pianeta Terra Festival 2023","article_modified_time":"2023-09-11T10:54:08+00:00","twitter_card":"summary_large_image","twitter_misc":{"Tempo di lettura stimato":"9 minuti"},"schema":{"@context":"https:\/\/schema.org","@graph":[{"@type":"WebPage","@id":"https:\/\/www.pianetaterrafestival.it\/2023\/laboratori-23\/","url":"https:\/\/www.pianetaterrafestival.it\/2023\/laboratori-23\/","name":"Laboratori - Pianeta Terra Festival 2023","isPartOf":{"@id":"https:\/\/www.pianetaterrafestival.it\/2023\/#website"},"datePublished":"2023-08-31T16:15:57+00:00","dateModified":"2023-09-11T10:54:08+00:00","breadcrumb":{"@id":"https:\/\/www.pianetaterrafestival.it\/2023\/laboratori-23\/#breadcrumb"},"inLanguage":"it-IT","potentialAction":[{"@type":"ReadAction","target":["https:\/\/www.pianetaterrafestival.it\/2023\/laboratori-23\/"]}]},{"@type":"BreadcrumbList","@id":"https:\/\/www.pianetaterrafestival.it\/2023\/laboratori-23\/#breadcrumb","itemListElement":[{"@type":"ListItem","position":1,"name":"Home","item":"https:\/\/www.pianetaterrafestival.it\/2023\/"},{"@type":"ListItem","position":2,"name":"Laboratori"}]},{"@type":"WebSite","@id":"https:\/\/www.pianetaterrafestival.it\/2023\/#website","url":"https:\/\/www.pianetaterrafestival.it\/2023\/","name":"Pianeta Terra Festival 2023","description":"Edizione 2023","publisher":{"@id":"https:\/\/www.pianetaterrafestival.it\/2023\/#organization"},"potentialAction":[{"@type":"SearchAction","target":{"@type":"EntryPoint","urlTemplate":"https:\/\/www.pianetaterrafestival.it\/2023\/?s={search_term_string}"},"query-input":{"@type":"PropertyValueSpecification","valueRequired":true,"valueName":"search_term_string"}}],"inLanguage":"it-IT"},{"@type":"Organization","@id":"https:\/\/www.pianetaterrafestival.it\/2023\/#organization","name":"Pianeta Terra Festival 2023","url":"https:\/\/www.pianetaterrafestival.it\/2023\/","logo":{"@type":"ImageObject","inLanguage":"it-IT","@id":"https:\/\/www.pianetaterrafestival.it\/2023\/#\/schema\/logo\/image\/","url":"https:\/\/www.pianetaterrafestival.it\/2023\/wp-content\/uploads\/sites\/2\/2022\/07\/cropped-cropped-logo.png","contentUrl":"https:\/\/www.pianetaterrafestival.it\/2023\/wp-content\/uploads\/sites\/2\/2022\/07\/cropped-cropped-logo.png","width":1907,"height":1867,"caption":"Pianeta Terra Festival 2023"},"image":{"@id":"https:\/\/www.pianetaterrafestival.it\/2023\/#\/schema\/logo\/image\/"}}]}},"_links":{"self":[{"href":"https:\/\/www.pianetaterrafestival.it\/2023\/wp-json\/wp\/v2\/pages\/6634","targetHints":{"allow":["GET"]}}],"collection":[{"href":"https:\/\/www.pianetaterrafestival.it\/2023\/wp-json\/wp\/v2\/pages"}],"about":[{"href":"https:\/\/www.pianetaterrafestival.it\/2023\/wp-json\/wp\/v2\/types\/page"}],"author":[{"embeddable":true,"href":"https:\/\/www.pianetaterrafestival.it\/2023\/wp-json\/wp\/v2\/users\/4"}],"replies":[{"embeddable":true,"href":"https:\/\/www.pianetaterrafestival.it\/2023\/wp-json\/wp\/v2\/comments?post=6634"}],"version-history":[{"count":15,"href":"https:\/\/www.pianetaterrafestival.it\/2023\/wp-json\/wp\/v2\/pages\/6634\/revisions"}],"predecessor-version":[{"id":6880,"href":"https:\/\/www.pianetaterrafestival.it\/2023\/wp-json\/wp\/v2\/pages\/6634\/revisions\/6880"}],"wp:attachment":[{"href":"https:\/\/www.pianetaterrafestival.it\/2023\/wp-json\/wp\/v2\/media?parent=6634"}],"curies":[{"name":"wp","href":"https:\/\/api.w.org\/{rel}","templated":true}]}}