{"id":1369,"date":"2022-08-03T14:49:27","date_gmt":"2022-08-03T12:49:27","guid":{"rendered":"https:\/\/www.pianetaterrafestival.it\/?page_id=1369"},"modified":"2023-09-14T12:49:03","modified_gmt":"2023-09-14T10:49:03","slug":"cose","status":"publish","type":"page","link":"https:\/\/www.pianetaterrafestival.it\/2023\/cose\/","title":{"rendered":"Cos\u2019\u00e8"},"content":{"rendered":"\t\t<div data-elementor-type=\"wp-page\" data-elementor-id=\"1369\" class=\"elementor elementor-1369\">\n\t\t\t\t\t\t<section class=\"elementor-section elementor-top-section elementor-element elementor-element-f91916a elementor-section-boxed elementor-section-height-default elementor-section-height-default\" data-id=\"f91916a\" data-element_type=\"section\" data-e-type=\"section\">\n\t\t\t\t\t\t<div class=\"elementor-container elementor-column-gap-default\">\n\t\t\t\t\t<div class=\"elementor-column elementor-col-100 elementor-top-column elementor-element elementor-element-f35a8a6\" data-id=\"f35a8a6\" data-element_type=\"column\" data-e-type=\"column\">\n\t\t\t<div class=\"elementor-widget-wrap elementor-element-populated\">\n\t\t\t\t\t\t<div class=\"elementor-element elementor-element-fb039e9 animated-slow elementor-invisible elementor-widget elementor-widget-text-editor\" data-id=\"fb039e9\" data-element_type=\"widget\" data-e-type=\"widget\" data-settings=\"{&quot;_animation&quot;:&quot;fadeIn&quot;}\" data-widget_type=\"text-editor.default\">\n\t\t\t\t<div class=\"elementor-widget-container\">\n\t\t\t\t\t\t\t\t\t<h1>Pianeta Terra Festival: cos\u2019\u00e8<\/h1>\t\t\t\t\t\t\t\t<\/div>\n\t\t\t\t<\/div>\n\t\t\t\t\t<\/div>\n\t\t<\/div>\n\t\t\t\t\t<\/div>\n\t\t<\/section>\n\t\t\t\t<section class=\"elementor-section elementor-top-section elementor-element elementor-element-4f88f5e elementor-section-boxed elementor-section-height-default elementor-section-height-default\" data-id=\"4f88f5e\" data-element_type=\"section\" data-e-type=\"section\">\n\t\t\t\t\t\t<div class=\"elementor-container elementor-column-gap-default\">\n\t\t\t\t\t<div class=\"elementor-column elementor-col-100 elementor-top-column elementor-element elementor-element-413c9fe\" data-id=\"413c9fe\" data-element_type=\"column\" data-e-type=\"column\">\n\t\t\t<div class=\"elementor-widget-wrap elementor-element-populated\">\n\t\t\t\t\t\t<div class=\"elementor-element elementor-element-209d6ef animated-slow elementor-widget-divider--view-line elementor-invisible elementor-widget elementor-widget-divider\" data-id=\"209d6ef\" data-element_type=\"widget\" data-e-type=\"widget\" data-settings=\"{&quot;_animation&quot;:&quot;slideInLeft&quot;}\" data-widget_type=\"divider.default\">\n\t\t\t\t<div class=\"elementor-widget-container\">\n\t\t\t\t\t\t\t<div class=\"elementor-divider\">\n\t\t\t<span class=\"elementor-divider-separator\">\n\t\t\t\t\t\t<\/span>\n\t\t<\/div>\n\t\t\t\t\t\t<\/div>\n\t\t\t\t<\/div>\n\t\t\t\t\t<\/div>\n\t\t<\/div>\n\t\t\t\t\t<\/div>\n\t\t<\/section>\n\t\t\t\t<section class=\"elementor-section elementor-top-section elementor-element elementor-element-3b33e20 elementor-section-boxed elementor-section-height-default elementor-section-height-default\" data-id=\"3b33e20\" data-element_type=\"section\" data-e-type=\"section\">\n\t\t\t\t\t\t<div class=\"elementor-container elementor-column-gap-default\">\n\t\t\t\t\t<div class=\"elementor-column elementor-col-100 elementor-top-column elementor-element elementor-element-817b7b3\" data-id=\"817b7b3\" data-element_type=\"column\" data-e-type=\"column\">\n\t\t\t<div class=\"elementor-widget-wrap elementor-element-populated\">\n\t\t\t\t\t\t<div class=\"elementor-element elementor-element-64f4398 elementor-widget elementor-widget-spacer\" data-id=\"64f4398\" data-element_type=\"widget\" data-e-type=\"widget\" data-widget_type=\"spacer.default\">\n\t\t\t\t<div class=\"elementor-widget-container\">\n\t\t\t\t\t\t\t<div class=\"elementor-spacer\">\n\t\t\t<div class=\"elementor-spacer-inner\"><\/div>\n\t\t<\/div>\n\t\t\t\t\t\t<\/div>\n\t\t\t\t<\/div>\n\t\t\t\t\t<\/div>\n\t\t<\/div>\n\t\t\t\t\t<\/div>\n\t\t<\/section>\n\t\t\t\t<section class=\"elementor-section elementor-top-section elementor-element elementor-element-003f877 elementor-section-boxed elementor-section-height-default elementor-section-height-default\" data-id=\"003f877\" data-element_type=\"section\" data-e-type=\"section\">\n\t\t\t\t\t\t<div class=\"elementor-container elementor-column-gap-default\">\n\t\t\t\t\t<div class=\"elementor-column elementor-col-100 elementor-top-column elementor-element elementor-element-479bfc4\" data-id=\"479bfc4\" data-element_type=\"column\" data-e-type=\"column\">\n\t\t\t<div class=\"elementor-widget-wrap\">\n\t\t\t\t\t\t\t<\/div>\n\t\t<\/div>\n\t\t\t\t\t<\/div>\n\t\t<\/section>\n\t\t\t\t<section class=\"elementor-section elementor-top-section elementor-element elementor-element-db6d9b2 elementor-section-boxed elementor-section-height-default elementor-section-height-default\" data-id=\"db6d9b2\" data-element_type=\"section\" data-e-type=\"section\">\n\t\t\t\t\t\t<div class=\"elementor-container elementor-column-gap-default\">\n\t\t\t\t\t<div class=\"elementor-column elementor-col-100 elementor-top-column elementor-element elementor-element-7cb8932\" data-id=\"7cb8932\" data-element_type=\"column\" data-e-type=\"column\">\n\t\t\t<div class=\"elementor-widget-wrap elementor-element-populated\">\n\t\t\t\t\t\t<div class=\"elementor-element elementor-element-a304ae0 animated-slow elementor-invisible elementor-widget elementor-widget-text-editor\" data-id=\"a304ae0\" data-element_type=\"widget\" data-e-type=\"widget\" data-settings=\"{&quot;_animation&quot;:&quot;fadeIn&quot;}\" data-widget_type=\"text-editor.default\">\n\t\t\t\t<div class=\"elementor-widget-container\">\n\t\t\t\t\t\t\t\t\t<p><img fetchpriority=\"high\" decoding=\"async\" class=\"size-medium wp-image-444 alignleft\" src=\"https:\/\/www.pianetaterrafestival.it\/wp-content\/uploads\/2022\/07\/favicon-300x300.png\" alt=\"\" width=\"300\" height=\"300\" srcset=\"https:\/\/www.pianetaterrafestival.it\/2023\/wp-content\/uploads\/sites\/2\/2022\/07\/favicon-300x300.png 300w, https:\/\/www.pianetaterrafestival.it\/2023\/wp-content\/uploads\/sites\/2\/2022\/07\/favicon-150x150.png 150w, https:\/\/www.pianetaterrafestival.it\/2023\/wp-content\/uploads\/sites\/2\/2022\/07\/favicon.png 512w\" sizes=\"(max-width: 300px) 100vw, 300px\" \/><\/p><p>Il filo conduttore della seconda edizione di <em>Pianeta Terra Festival<\/em> sar\u00e0 l\u2019esplorazione della fitta, ingegnosa rete che tiene insieme tutti gli esseri viventi. Che la nostra specie dipenda dalla sopravvivenza delle altre lo sappiamo almeno dal 1859, anno di pubblicazione de <em>L\u2019origine delle specie.<\/em> L\u2019uomo, che, come ogni altra specie, si \u00e8 evoluto attraverso un processo di selezione, \u00e8 indissolubilmente legato a tutte le altre da una rete globale di relazioni la cui integrit\u00e0 \u00e8 necessaria alla nostra sopravvivenza. La domanda che ci pone Darwin per farci rappresentare la rete di relazioni tra i viventi \u00e8: potreste immaginare animali pi\u00f9 distanti fra loro di un gatto e un bombo? Eppure, le relazioni che legano questi due animali sono talmente strette che, se venissero modificate, le conseguenze sarebbero tante e profonde. I topi, infatti, sono fra i principali nemici dei bombi, di cui distruggono i nidi e mangiano le larve. Ma i topi, lo sanno tutti, sono la preda preferita dei gatti. Quindi dove ci sono pi\u00f9 gatti ci sono meno topi e di conseguenza pi\u00f9 bombi. Ora, i bombi rappresentano i principali impollinatori di molte specie vegetali ed \u00e8 noto che maggiore e migliore \u00e8 l\u2019impollinazione massimo sar\u00e0 il numero di semi prodotti dalle piante. Dal numero e dalla qualit\u00e0 dei semi dipende la presenza pi\u00f9 o meno grande di insetti, i quali rappresentano il nutrimento principale dal quale dipendono numerose popolazioni di uccelli&#8230; Potremmo continuare cos\u00ec a lungo, unendo un gruppo di viventi ad un altro. Batteri, funghi, insetti, pesci, mammiferi, uccelli, cereali, rettili, orchidee si succederebbero senza pausa gli uni agli altri: la rete della vita, appunto.<\/p><p>Ma la scienza \u00e8 una cosa e le nostre convinzioni un\u2019altra. Nonostante Darwin, durante la rivoluzione industriale l\u2019idea della natura si modifica: viene percepita come qualcosa di esterno e separato dall\u2019uomo, sinonimo di selvaggio, non addomesticato, un ostacolo alla sopravvivenza umana. Ecco perch\u00e9 la sua conquista diventa segno di progresso della civilt\u00e0. Non \u00e8 un caso se, negli stessi anni, George Perkins Marsh, il primo ecologo d\u2019America e ambasciatore USA in Italia dal 1861 al 1882, \u00e8 convinto che la missione dell\u2019umanit\u00e0 sia quella di sottomettere e addomesticare la natura, poich\u00e9 \u201covunque non riesca ad essere il padrone, non potr\u00e0 che esserne lo schiavo\u201d.<\/p><p>Ma i dati di cui disponiamo oggi vanno nella direzione opposta. Nel 2021, Sir Partha Dasgupta, economista dell\u2019Universit\u00e0 di Cambridge, pubblica un report commissionato dal Tesoro del Regno Unito. Si intitola <em>L\u2019economia della biodiversit\u00e0<\/em> e inizia cos\u00ec: \u00abLe nostre economie, i mezzi di sussistenza e il benessere dipendono tutti dal nostro bene pi\u00f9 prezioso: la natura. Siamo parte della natura, non separati da essa\u00bb. Ignorare la perdita di biodiversit\u00e0 \u00abpotrebbe avere conseguenze catastrofiche per le nostre economie e il nostro benessere\u00bb. Dalla lettura di questo documento scopriamo che la corsa al consumo sta esaurendo non solo risorse come il suolo, i minerali e l\u2019acqua dolce, ma qualunque bene naturale. Tutto, indistintamente, scompare al nostro passaggio. Anche gli altri esseri viventi, il cui numero si sta riducendo ad una velocit\u00e0 inimmaginabile. Si ritiene che oggi il tasso di estinzione delle specie sia circa 1000 volte superiore a prima che gli umani dominassero il Pianeta. In 50 anni, a partire dal 1970, il numero di animali che vivono sulla Terra si \u00e8 dimezzato. Dati che i ricercatori non esitano a descrivere come un \u201cannientamento biologico\u201d o un \u201cattacco alle fondamenta della civilt\u00e0 umana\u201d: oggi, il 96% dei mammiferi che vivono sul Pianeta sono uomini o animali da allevamento e il 70% di tutti gli uccelli \u00e8 rappresentato dal pollame.<\/p><p>Gi\u00e0 oggi avremmo bisogno di 1,6 Terre per mantenere gli attuali standard di vita e in futuro andr\u00e0 sempre peggio. Secondo la Banca Mondiale, entro 20 anni da oggi, la classe media crescer\u00e0 dai meno dei due miliardi di persone attuali a circa cinque miliardi. Tre miliardi di persone in pi\u00f9 che, consumando carne, acqua, carburanti, metalli, materie prime, faranno salire i consumi delle risorse terrestri a livelli molto pi\u00f9 alti dei gi\u00e0 insostenibili consumi attuali. A questi ritmi di consumo delle risorse naturali e di forte riduzione delle altre forme di vita, chiederci quanto ci vorr\u00e0 prima che il Pianeta non riesca pi\u00f9 a sostenere la nostra attuale \u201ccivilizzazione\u201d non \u00e8 pi\u00f9 una domanda retorica ma una serissima questione al cui studio dovremmo dedicarci in tanti.<\/p><p>Dunque qual \u00e8 la lezione? Una sola: non ci si salva da soli, ma soltanto attraverso la protezione integrale dei nostri ecosistemi, la protezione della vita di ogni singola specie che vive intorno a noi. \u00c8 dalla biodiversit\u00e0 che dipende la sopravvivenza dell\u2019umanit\u00e0. Ci auguriamo che la comunit\u00e0 di persone consapevoli, la cui creazione \u00e8 il fine ultimo del nostro Festival, comprenda, durante le giornate che vivremo insieme, che preservare la natura, ossia ci\u00f2 che \u00e8 nato, che \u00e8 vivo, dovrebbe essere un imperativo categorico, perch\u00e9 quando la vita degli esseri viventi perde valore, allora tutte le vite, anche le nostre, lo perdono di conseguenza.<\/p>\t\t\t\t\t\t\t\t<\/div>\n\t\t\t\t<\/div>\n\t\t\t\t\t<\/div>\n\t\t<\/div>\n\t\t\t\t\t<\/div>\n\t\t<\/section>\n\t\t\t\t<section class=\"elementor-section elementor-top-section elementor-element elementor-element-bf4a715 elementor-section-boxed elementor-section-height-default elementor-section-height-default\" data-id=\"bf4a715\" data-element_type=\"section\" data-e-type=\"section\">\n\t\t\t\t\t\t<div class=\"elementor-container elementor-column-gap-default\">\n\t\t\t\t\t<div class=\"elementor-column elementor-col-100 elementor-top-column elementor-element elementor-element-ce07ac9\" data-id=\"ce07ac9\" data-element_type=\"column\" data-e-type=\"column\">\n\t\t\t<div class=\"elementor-widget-wrap elementor-element-populated\">\n\t\t\t\t\t\t<div class=\"elementor-element elementor-element-b7cf5b8 animated-slow elementor-invisible elementor-widget elementor-widget-text-editor\" data-id=\"b7cf5b8\" data-element_type=\"widget\" data-e-type=\"widget\" data-settings=\"{&quot;_animation&quot;:&quot;fadeIn&quot;}\" data-widget_type=\"text-editor.default\">\n\t\t\t\t<div class=\"elementor-widget-container\">\n\t\t\t\t\t\t\t\t\t<p><strong>Stefano Mancuso<\/strong><br \/><em>Direttore scientifico del Festival<\/em><\/p>\t\t\t\t\t\t\t\t<\/div>\n\t\t\t\t<\/div>\n\t\t\t\t\t<\/div>\n\t\t<\/div>\n\t\t\t\t\t<\/div>\n\t\t<\/section>\n\t\t\t\t<section class=\"elementor-section elementor-top-section elementor-element elementor-element-fe8394f elementor-section-boxed elementor-section-height-default elementor-section-height-default\" data-id=\"fe8394f\" data-element_type=\"section\" data-e-type=\"section\">\n\t\t\t\t\t\t<div class=\"elementor-container elementor-column-gap-default\">\n\t\t\t\t\t<div class=\"elementor-column elementor-col-100 elementor-top-column elementor-element elementor-element-f2ba50f\" data-id=\"f2ba50f\" data-element_type=\"column\" data-e-type=\"column\">\n\t\t\t<div class=\"elementor-widget-wrap elementor-element-populated\">\n\t\t\t\t\t\t<div class=\"elementor-element elementor-element-6d2ff4c animated-slow elementor-invisible elementor-widget elementor-widget-text-editor\" data-id=\"6d2ff4c\" data-element_type=\"widget\" data-e-type=\"widget\" data-settings=\"{&quot;_animation&quot;:&quot;fadeIn&quot;}\" data-widget_type=\"text-editor.default\">\n\t\t\t\t<div class=\"elementor-widget-container\">\n\t\t\t\t\t\t\t\t\t<p>La sostenibilit\u00e0, il cambiamento climatico e la transizione ecologica sono temi dibattuti quotidianamente nei consessi scientifici di tutto il mondo e concetti contenuti sia nei documenti di programmazione delle grandi organizzazioni internazionali che in quelli della gran parte degli Stati nazionali. La sensibilit\u00e0 diffusa circa il futuro dell\u2019umanit\u00e0 e sulla persistenza delle condizioni della vita sul nostro Pianeta ha portato al riconoscimento in numerose carte costituzionali del diritto delle nuove generazioni di vivere nella ricchezza della biodiversit\u00e0 e delle risorse del Pianeta e all\u2019affermazione degli stessi diritti che la Natura possiede in s\u00e9 e oltre la tradizione antropocentrica, che la vuole mero strumento per la realizzazione dei bisogni dell\u2019umanit\u00e0. Orientare lo sviluppo e soddisfare i bisogni di un\u2019umanit\u00e0 in progressiva crescita nel rispetto di equilibri ambientali \u2013 sempre pi\u00f9 minacciati \u2013 rappresentano oramai sfide ineludibili. La correlazione tra l\u2019incidenza delle attivit\u00e0 antropiche, il riscaldamento dell\u2019atmosfera, il depauperamento delle risorse naturali, il cambiamento climatico \u00e8 scientificamente acclarata. Le stesse variazioni climatiche cicliche, che investono da sempre la storia del nostro Pianeta, hanno agito in un contesto incomparabile all\u2019attuale, dove le attivit\u00e0 umane hanno prodotto trasformazioni tali, persino sul piano geologico, da definire i caratteri di un\u2019era in procinto di essere scientificamente riconosciuta come Antropocene.\u00a0<\/p><p>La Fondazione Cassa di Risparmio di Lucca, al pari delle altre Fondazioni di origini bancarie, opera in settori rilevanti per la propria comunit\u00e0 di riferimento: le arti, la cultura e i beni culturali, la sanit\u00e0, il welfare e il volontariato, lo sviluppo economico e la ricerca, la scuola e l\u2019alta formazione, la qualit\u00e0 del territorio e l\u2019ambiente, la cooperazione internazionale. La decisione di farsi ente promotore del Festival Pianeta Terra \u00e8 la conseguenza di una strategia pluriennale attenta, sia in fase di investimenti sia in termini di interventi ed erogazioni, alla sostenibilit\u00e0 ambientale, sociale ed economica. Tra i molti progetti negli anni, vale la pena ricordare il piano di piantumazione sostenuto con il concorso di alcune amministrazioni pubbliche; il piano di intervento di efficientamento energetico sugli edifici scolastici; i numerosi programmi didattici\u00a0 in materia ambientale sostenuti nei cicli scolastici; il finanziamento di programmi di ricerca universitari e di ricerca applicata all\u2019economia per favorire modelli di innovazione e sostenibilit\u00e0; il recente impegno per l\u2019acquisizione al patrimonio pubblico di una vasta area umida censita dai programmi europei. La Fondazione \u00e8 consapevole di operare in termini sussidiari in ogni settore in cui opera e a maggior ragione in quello della sostenibilit\u00e0, in cui l\u2019intervento delle politiche pubbliche e dei comportamenti dei privati \u00e8 decisivo.\u00a0<\/p><p>La scelta di promuovere il Festival e di costruire per la sua realizzazione una rete di soggetti che dall\u2019impresa alla scuola, dalla ricerca alle arti, dall\u2019Universit\u00e0 ai servizi, dal lavoro alla finanza, dalla famiglia all\u2019associazionismo si integri con la partecipazione di scienziati e studiosi, divulgatori, filosofi, storici, artisti proposti dalla Direzione scientifica nasce dalla volont\u00e0 di creare i presupposti di una consapevolezza diffusa, scientificamente e laicamente informata e di mostrare l\u2019impegno che sul tema profondono soggetti e interi settori del nostro territorio.<\/p>\t\t\t\t\t\t\t\t<\/div>\n\t\t\t\t<\/div>\n\t\t\t\t\t<\/div>\n\t\t<\/div>\n\t\t\t\t\t<\/div>\n\t\t<\/section>\n\t\t\t\t<section class=\"elementor-section elementor-top-section elementor-element elementor-element-79ae46e elementor-section-boxed elementor-section-height-default elementor-section-height-default\" data-id=\"79ae46e\" data-element_type=\"section\" data-e-type=\"section\">\n\t\t\t\t\t\t<div class=\"elementor-container elementor-column-gap-default\">\n\t\t\t\t\t<div class=\"elementor-column elementor-col-100 elementor-top-column elementor-element elementor-element-bf4ce98\" data-id=\"bf4ce98\" data-element_type=\"column\" data-e-type=\"column\">\n\t\t\t<div class=\"elementor-widget-wrap elementor-element-populated\">\n\t\t\t\t\t\t<div class=\"elementor-element elementor-element-39a9b1f animated-slow elementor-invisible elementor-widget elementor-widget-text-editor\" data-id=\"39a9b1f\" data-element_type=\"widget\" data-e-type=\"widget\" data-settings=\"{&quot;_animation&quot;:&quot;fadeIn&quot;}\" data-widget_type=\"text-editor.default\">\n\t\t\t\t<div class=\"elementor-widget-container\">\n\t\t\t\t\t\t\t\t\t<p><strong>Fondazione Cassa di Risparmio di Lucca<\/strong><\/p>\t\t\t\t\t\t\t\t<\/div>\n\t\t\t\t<\/div>\n\t\t\t\t\t<\/div>\n\t\t<\/div>\n\t\t\t\t\t<\/div>\n\t\t<\/section>\n\t\t\t\t<section class=\"elementor-section elementor-top-section elementor-element elementor-element-fcf7677 elementor-section-boxed elementor-section-height-default elementor-section-height-default\" data-id=\"fcf7677\" data-element_type=\"section\" data-e-type=\"section\">\n\t\t\t\t\t\t<div class=\"elementor-container elementor-column-gap-default\">\n\t\t\t\t\t<div class=\"elementor-column elementor-col-100 elementor-top-column elementor-element elementor-element-27dc473\" data-id=\"27dc473\" data-element_type=\"column\" data-e-type=\"column\">\n\t\t\t<div class=\"elementor-widget-wrap elementor-element-populated\">\n\t\t\t\t\t\t<div class=\"elementor-element elementor-element-aabd4d4 elementor-widget elementor-widget-spacer\" data-id=\"aabd4d4\" data-element_type=\"widget\" data-e-type=\"widget\" data-widget_type=\"spacer.default\">\n\t\t\t\t<div class=\"elementor-widget-container\">\n\t\t\t\t\t\t\t<div class=\"elementor-spacer\">\n\t\t\t<div class=\"elementor-spacer-inner\"><\/div>\n\t\t<\/div>\n\t\t\t\t\t\t<\/div>\n\t\t\t\t<\/div>\n\t\t\t\t\t<\/div>\n\t\t<\/div>\n\t\t\t\t\t<\/div>\n\t\t<\/section>\n\t\t\t\t<section class=\"elementor-section elementor-top-section elementor-element elementor-element-4e6a89f elementor-section-boxed elementor-section-height-default elementor-section-height-default\" data-id=\"4e6a89f\" data-element_type=\"section\" data-e-type=\"section\">\n\t\t\t\t\t\t<div class=\"elementor-container elementor-column-gap-default\">\n\t\t\t\t\t<div class=\"elementor-column elementor-col-100 elementor-top-column elementor-element elementor-element-deb96f7\" data-id=\"deb96f7\" data-element_type=\"column\" data-e-type=\"column\">\n\t\t\t<div class=\"elementor-widget-wrap elementor-element-populated\">\n\t\t\t\t\t\t<div class=\"elementor-element elementor-element-61bb75e animated-slow elementor-widget-divider--view-line elementor-invisible elementor-widget elementor-widget-divider\" data-id=\"61bb75e\" data-element_type=\"widget\" data-e-type=\"widget\" data-settings=\"{&quot;_animation&quot;:&quot;slideInLeft&quot;}\" data-widget_type=\"divider.default\">\n\t\t\t\t<div class=\"elementor-widget-container\">\n\t\t\t\t\t\t\t<div class=\"elementor-divider\">\n\t\t\t<span class=\"elementor-divider-separator\">\n\t\t\t\t\t\t<\/span>\n\t\t<\/div>\n\t\t\t\t\t\t<\/div>\n\t\t\t\t<\/div>\n\t\t\t\t\t<\/div>\n\t\t<\/div>\n\t\t\t\t\t<\/div>\n\t\t<\/section>\n\t\t\t\t<\/div>\n\t\t","protected":false},"excerpt":{"rendered":"<p>Pianeta Terra Festival: cos\u2019\u00e8 Il filo conduttore della seconda edizione di Pianeta Terra Festival sar\u00e0 l\u2019esplorazione della fitta, ingegnosa rete che tiene insieme tutti gli &hellip;<\/p>\n","protected":false},"author":4,"featured_media":0,"parent":0,"menu_order":0,"comment_status":"closed","ping_status":"closed","template":"","meta":{"_acf_changed":false,"footnotes":""},"class_list":["post-1369","page","type-page","status-publish","hentry"],"acf":[],"yoast_head":"<!-- This site is optimized with the Yoast SEO plugin v27.0 - https:\/\/yoast.com\/product\/yoast-seo-wordpress\/ -->\n<title>Cos\u2019\u00e8 - Pianeta Terra Festival 2023<\/title>\n<meta name=\"robots\" content=\"index, follow, max-snippet:-1, max-image-preview:large, max-video-preview:-1\" \/>\n<link rel=\"canonical\" href=\"https:\/\/www.pianetaterrafestival.it\/2023\/cose\/\" \/>\n<meta property=\"og:locale\" content=\"it_IT\" \/>\n<meta property=\"og:type\" content=\"article\" \/>\n<meta property=\"og:title\" content=\"Cos\u2019\u00e8 - Pianeta Terra Festival 2023\" \/>\n<meta property=\"og:description\" content=\"Pianeta Terra Festival: cos\u2019\u00e8 Il filo conduttore della seconda edizione di Pianeta Terra Festival sar\u00e0 l\u2019esplorazione della fitta, ingegnosa rete che tiene insieme tutti gli &hellip;\" \/>\n<meta property=\"og:url\" content=\"https:\/\/www.pianetaterrafestival.it\/2023\/cose\/\" \/>\n<meta property=\"og:site_name\" content=\"Pianeta Terra Festival 2023\" \/>\n<meta property=\"article:modified_time\" content=\"2023-09-14T10:49:03+00:00\" \/>\n<meta property=\"og:image\" content=\"https:\/\/www.pianetaterrafestival.it\/wp-content\/uploads\/sites\/2\/2022\/07\/favicon-300x300.png\" \/>\n<meta name=\"twitter:card\" content=\"summary_large_image\" \/>\n<meta name=\"twitter:label1\" content=\"Tempo di lettura stimato\" \/>\n\t<meta name=\"twitter:data1\" content=\"8 minuti\" \/>\n<script type=\"application\/ld+json\" class=\"yoast-schema-graph\">{\"@context\":\"https:\/\/schema.org\",\"@graph\":[{\"@type\":\"WebPage\",\"@id\":\"https:\/\/www.pianetaterrafestival.it\/2023\/cose\/\",\"url\":\"https:\/\/www.pianetaterrafestival.it\/2023\/cose\/\",\"name\":\"Cos\u2019\u00e8 - Pianeta Terra Festival 2023\",\"isPartOf\":{\"@id\":\"https:\/\/www.pianetaterrafestival.it\/2023\/#website\"},\"primaryImageOfPage\":{\"@id\":\"https:\/\/www.pianetaterrafestival.it\/2023\/cose\/#primaryimage\"},\"image\":{\"@id\":\"https:\/\/www.pianetaterrafestival.it\/2023\/cose\/#primaryimage\"},\"thumbnailUrl\":\"https:\/\/www.pianetaterrafestival.it\/wp-content\/uploads\/sites\/2\/2022\/07\/favicon-300x300.png\",\"datePublished\":\"2022-08-03T12:49:27+00:00\",\"dateModified\":\"2023-09-14T10:49:03+00:00\",\"breadcrumb\":{\"@id\":\"https:\/\/www.pianetaterrafestival.it\/2023\/cose\/#breadcrumb\"},\"inLanguage\":\"it-IT\",\"potentialAction\":[{\"@type\":\"ReadAction\",\"target\":[\"https:\/\/www.pianetaterrafestival.it\/2023\/cose\/\"]}]},{\"@type\":\"ImageObject\",\"inLanguage\":\"it-IT\",\"@id\":\"https:\/\/www.pianetaterrafestival.it\/2023\/cose\/#primaryimage\",\"url\":\"https:\/\/www.pianetaterrafestival.it\/wp-content\/uploads\/sites\/2\/2022\/07\/favicon-300x300.png\",\"contentUrl\":\"https:\/\/www.pianetaterrafestival.it\/wp-content\/uploads\/sites\/2\/2022\/07\/favicon-300x300.png\"},{\"@type\":\"BreadcrumbList\",\"@id\":\"https:\/\/www.pianetaterrafestival.it\/2023\/cose\/#breadcrumb\",\"itemListElement\":[{\"@type\":\"ListItem\",\"position\":1,\"name\":\"Home\",\"item\":\"https:\/\/www.pianetaterrafestival.it\/2023\/\"},{\"@type\":\"ListItem\",\"position\":2,\"name\":\"Cos\u2019\u00e8\"}]},{\"@type\":\"WebSite\",\"@id\":\"https:\/\/www.pianetaterrafestival.it\/2023\/#website\",\"url\":\"https:\/\/www.pianetaterrafestival.it\/2023\/\",\"name\":\"Pianeta Terra Festival 2023\",\"description\":\"Edizione 2023\",\"publisher\":{\"@id\":\"https:\/\/www.pianetaterrafestival.it\/2023\/#organization\"},\"potentialAction\":[{\"@type\":\"SearchAction\",\"target\":{\"@type\":\"EntryPoint\",\"urlTemplate\":\"https:\/\/www.pianetaterrafestival.it\/2023\/?s={search_term_string}\"},\"query-input\":{\"@type\":\"PropertyValueSpecification\",\"valueRequired\":true,\"valueName\":\"search_term_string\"}}],\"inLanguage\":\"it-IT\"},{\"@type\":\"Organization\",\"@id\":\"https:\/\/www.pianetaterrafestival.it\/2023\/#organization\",\"name\":\"Pianeta Terra Festival 2023\",\"url\":\"https:\/\/www.pianetaterrafestival.it\/2023\/\",\"logo\":{\"@type\":\"ImageObject\",\"inLanguage\":\"it-IT\",\"@id\":\"https:\/\/www.pianetaterrafestival.it\/2023\/#\/schema\/logo\/image\/\",\"url\":\"https:\/\/www.pianetaterrafestival.it\/2023\/wp-content\/uploads\/sites\/2\/2022\/07\/cropped-cropped-logo.png\",\"contentUrl\":\"https:\/\/www.pianetaterrafestival.it\/2023\/wp-content\/uploads\/sites\/2\/2022\/07\/cropped-cropped-logo.png\",\"width\":1907,\"height\":1867,\"caption\":\"Pianeta Terra Festival 2023\"},\"image\":{\"@id\":\"https:\/\/www.pianetaterrafestival.it\/2023\/#\/schema\/logo\/image\/\"}}]}<\/script>\n<!-- \/ Yoast SEO plugin. -->","yoast_head_json":{"title":"Cos\u2019\u00e8 - Pianeta Terra Festival 2023","robots":{"index":"index","follow":"follow","max-snippet":"max-snippet:-1","max-image-preview":"max-image-preview:large","max-video-preview":"max-video-preview:-1"},"canonical":"https:\/\/www.pianetaterrafestival.it\/2023\/cose\/","og_locale":"it_IT","og_type":"article","og_title":"Cos\u2019\u00e8 - Pianeta Terra Festival 2023","og_description":"Pianeta Terra Festival: cos\u2019\u00e8 Il filo conduttore della seconda edizione di Pianeta Terra Festival sar\u00e0 l\u2019esplorazione della fitta, ingegnosa rete che tiene insieme tutti gli &hellip;","og_url":"https:\/\/www.pianetaterrafestival.it\/2023\/cose\/","og_site_name":"Pianeta Terra Festival 2023","article_modified_time":"2023-09-14T10:49:03+00:00","og_image":[{"url":"https:\/\/www.pianetaterrafestival.it\/wp-content\/uploads\/sites\/2\/2022\/07\/favicon-300x300.png","type":"","width":"","height":""}],"twitter_card":"summary_large_image","twitter_misc":{"Tempo di lettura stimato":"8 minuti"},"schema":{"@context":"https:\/\/schema.org","@graph":[{"@type":"WebPage","@id":"https:\/\/www.pianetaterrafestival.it\/2023\/cose\/","url":"https:\/\/www.pianetaterrafestival.it\/2023\/cose\/","name":"Cos\u2019\u00e8 - Pianeta Terra Festival 2023","isPartOf":{"@id":"https:\/\/www.pianetaterrafestival.it\/2023\/#website"},"primaryImageOfPage":{"@id":"https:\/\/www.pianetaterrafestival.it\/2023\/cose\/#primaryimage"},"image":{"@id":"https:\/\/www.pianetaterrafestival.it\/2023\/cose\/#primaryimage"},"thumbnailUrl":"https:\/\/www.pianetaterrafestival.it\/wp-content\/uploads\/sites\/2\/2022\/07\/favicon-300x300.png","datePublished":"2022-08-03T12:49:27+00:00","dateModified":"2023-09-14T10:49:03+00:00","breadcrumb":{"@id":"https:\/\/www.pianetaterrafestival.it\/2023\/cose\/#breadcrumb"},"inLanguage":"it-IT","potentialAction":[{"@type":"ReadAction","target":["https:\/\/www.pianetaterrafestival.it\/2023\/cose\/"]}]},{"@type":"ImageObject","inLanguage":"it-IT","@id":"https:\/\/www.pianetaterrafestival.it\/2023\/cose\/#primaryimage","url":"https:\/\/www.pianetaterrafestival.it\/wp-content\/uploads\/sites\/2\/2022\/07\/favicon-300x300.png","contentUrl":"https:\/\/www.pianetaterrafestival.it\/wp-content\/uploads\/sites\/2\/2022\/07\/favicon-300x300.png"},{"@type":"BreadcrumbList","@id":"https:\/\/www.pianetaterrafestival.it\/2023\/cose\/#breadcrumb","itemListElement":[{"@type":"ListItem","position":1,"name":"Home","item":"https:\/\/www.pianetaterrafestival.it\/2023\/"},{"@type":"ListItem","position":2,"name":"Cos\u2019\u00e8"}]},{"@type":"WebSite","@id":"https:\/\/www.pianetaterrafestival.it\/2023\/#website","url":"https:\/\/www.pianetaterrafestival.it\/2023\/","name":"Pianeta Terra Festival 2023","description":"Edizione 2023","publisher":{"@id":"https:\/\/www.pianetaterrafestival.it\/2023\/#organization"},"potentialAction":[{"@type":"SearchAction","target":{"@type":"EntryPoint","urlTemplate":"https:\/\/www.pianetaterrafestival.it\/2023\/?s={search_term_string}"},"query-input":{"@type":"PropertyValueSpecification","valueRequired":true,"valueName":"search_term_string"}}],"inLanguage":"it-IT"},{"@type":"Organization","@id":"https:\/\/www.pianetaterrafestival.it\/2023\/#organization","name":"Pianeta Terra Festival 2023","url":"https:\/\/www.pianetaterrafestival.it\/2023\/","logo":{"@type":"ImageObject","inLanguage":"it-IT","@id":"https:\/\/www.pianetaterrafestival.it\/2023\/#\/schema\/logo\/image\/","url":"https:\/\/www.pianetaterrafestival.it\/2023\/wp-content\/uploads\/sites\/2\/2022\/07\/cropped-cropped-logo.png","contentUrl":"https:\/\/www.pianetaterrafestival.it\/2023\/wp-content\/uploads\/sites\/2\/2022\/07\/cropped-cropped-logo.png","width":1907,"height":1867,"caption":"Pianeta Terra Festival 2023"},"image":{"@id":"https:\/\/www.pianetaterrafestival.it\/2023\/#\/schema\/logo\/image\/"}}]}},"_links":{"self":[{"href":"https:\/\/www.pianetaterrafestival.it\/2023\/wp-json\/wp\/v2\/pages\/1369","targetHints":{"allow":["GET"]}}],"collection":[{"href":"https:\/\/www.pianetaterrafestival.it\/2023\/wp-json\/wp\/v2\/pages"}],"about":[{"href":"https:\/\/www.pianetaterrafestival.it\/2023\/wp-json\/wp\/v2\/types\/page"}],"author":[{"embeddable":true,"href":"https:\/\/www.pianetaterrafestival.it\/2023\/wp-json\/wp\/v2\/users\/4"}],"replies":[{"embeddable":true,"href":"https:\/\/www.pianetaterrafestival.it\/2023\/wp-json\/wp\/v2\/comments?post=1369"}],"version-history":[{"count":6,"href":"https:\/\/www.pianetaterrafestival.it\/2023\/wp-json\/wp\/v2\/pages\/1369\/revisions"}],"predecessor-version":[{"id":7792,"href":"https:\/\/www.pianetaterrafestival.it\/2023\/wp-json\/wp\/v2\/pages\/1369\/revisions\/7792"}],"wp:attachment":[{"href":"https:\/\/www.pianetaterrafestival.it\/2023\/wp-json\/wp\/v2\/media?parent=1369"}],"curies":[{"name":"wp","href":"https:\/\/api.w.org\/{rel}","templated":true}]}}